{"id":3738,"date":"2025-04-22T15:22:58","date_gmt":"2025-04-22T19:22:58","guid":{"rendered":"https:\/\/lcds.sitewebwordpress.com\/produit\/resmed-humidx-standard-pour-airmini-1-unite\/"},"modified":"2026-09-03T12:35:57","modified_gmt":"2026-09-03T16:35:57","slug":"resmed-humidx-standard-pour-airmini-1-unite","status":"publish","type":"product","link":"https:\/\/www.laclefdusommeil.ca\/en\/produit\/resmed-humidx-standard-pour-airmini-1-unite\/","title":{"rendered":"ResMed- Humidx Standard pour AirMini (1 unit\u00e9)"},"content":{"rendered":"<h3>Capsule HumidX\u2122 standard<\/h3>\n<p><strong>Pour une utilisation avec les masques compatibles AirMini\u2122<\/strong><\/p>\n<p>La capsule <strong>HumidX\u2122 standard<\/strong> est con\u00e7ue pour offrir une humidification confortable lors de l\u2019utilisation de votre appareil <strong>AirMini\u2122<\/strong>, sans n\u00e9cessiter d\u2019humidificateur traditionnel.<\/p>\n<p>Elle aide \u00e0 r\u00e9duire la s\u00e9cheresse et l\u2019inconfort li\u00e9s \u00e0 l\u2019air sec pendant le traitement, pour une exp\u00e9rience de sommeil plus agr\u00e9able.<\/p>\n<p>\u26a0\ufe0f <strong>Important :<\/strong> La capsule HumidX\u2122 standard est compatible avec certains masques ResMed utilis\u00e9s avec l\u2019AirMini\u2122. <strong>Veuillez v\u00e9rifier la compatibilit\u00e9 de votre masque avant l\u2019achat.<\/strong><\/p>\n<p><strong>Pratique et compacte, la capsule HumidX\u2122 est id\u00e9ale pour les d\u00e9placements et les voyages.<\/strong><\/p>\n","protected":false},"excerpt":{"rendered":"<p>Capsule HumidX\u2122 standard Pour une utilisation avec les masques compatibles AirMini\u2122 La capsule HumidX\u2122 standard est con\u00e7ue pour offrir une humidification confortable lors de l\u2019utilisation de votre appareil AirMini\u2122, sans n\u00e9cessiter d\u2019humidificateur traditionnel. Elle aide \u00e0 r\u00e9duire la s\u00e9cheresse et l\u2019inconfort li\u00e9s \u00e0 l\u2019air sec pendant le traitement, pour une exp\u00e9rience de sommeil plus agr\u00e9able. [&hellip;]<\/p>\n","protected":false},"featured_media":4428,"template":"","meta":[],"product_brand":[40],"product_cat":[33,217,197,216],"product_tag":[150],"class_list":["post-3738","product","type-product","status-publish","has-post-thumbnail","product_brand-resmed","product_cat-accessoires","product_cat-airmini-combinaisons","product_cat-accessoires-cpap-airmini","product_cat-voyage","product_tag-resmed","first","instock","purchasable","product-type-simple"],"_links":{"self":[{"href":"https:\/\/www.laclefdusommeil.ca\/en\/wp-json\/wp\/v2\/product\/3738","targetHints":{"allow":["GET"]}}],"collection":[{"href":"https:\/\/www.laclefdusommeil.ca\/en\/wp-json\/wp\/v2\/product"}],"about":[{"href":"https:\/\/www.laclefdusommeil.ca\/en\/wp-json\/wp\/v2\/types\/product"}],"wp:featuredmedia":[{"embeddable":true,"href":"https:\/\/www.laclefdusommeil.ca\/en\/wp-json\/wp\/v2\/media\/4428"}],"wp:attachment":[{"href":"https:\/\/www.laclefdusommeil.ca\/en\/wp-json\/wp\/v2\/media?parent=3738"}],"wp:term":[{"taxonomy":"product_brand","embeddable":true,"href":"https:\/\/www.laclefdusommeil.ca\/en\/wp-json\/wp\/v2\/product_brand?post=3738"},{"taxonomy":"product_cat","embeddable":true,"href":"https:\/\/www.laclefdusommeil.ca\/en\/wp-json\/wp\/v2\/product_cat?post=3738"},{"taxonomy":"product_tag","embeddable":true,"href":"https:\/\/www.laclefdusommeil.ca\/en\/wp-json\/wp\/v2\/product_tag?post=3738"}],"curies":[{"name":"wp","href":"https:\/\/api.w.org\/{rel}","templated":true}]}}